{"id":5885,"date":"2024-08-23T17:46:27","date_gmt":"2024-08-23T17:46:27","guid":{"rendered":"https:\/\/www.centraldemaderas.com\/plantas-o-centros-de-distribucion-de-estibas-de-madera\/"},"modified":"2026-01-27T21:27:19","modified_gmt":"2026-01-27T21:27:19","slug":"plantas-o-centros-de-distribucion-de-estibas-de-madera","status":"publish","type":"page","link":"https:\/\/www.centraldemaderas.com\/mx\/plantas-o-centros-de-distribucion-de-estibas-de-madera\/","title":{"rendered":"Aserrios, plantas  centros de distribuci\u00f3n de estibas de madera"},"content":{"rendered":"\t\t<div data-elementor-type=\"wp-page\" data-elementor-id=\"5885\" class=\"elementor elementor-5885 elementor-5176\" data-elementor-post-type=\"page\">\n\t\t\t\t\t\t<section class=\"elementor-section elementor-top-section elementor-element elementor-element-1bcd202 elementor-section-height-min-height elementor-section-boxed elementor-section-height-default elementor-section-items-middle\" data-id=\"1bcd202\" data-element_type=\"section\" data-e-type=\"section\" data-settings=\"{&quot;background_background&quot;:&quot;classic&quot;}\">\n\t\t\t\t\t\t\t<div class=\"elementor-background-overlay\"><\/div>\n\t\t\t\t\t\t\t<div class=\"elementor-container elementor-column-gap-default\">\n\t\t\t\t\t<div class=\"elementor-column elementor-col-100 elementor-top-column elementor-element elementor-element-63429c6\" data-id=\"63429c6\" data-element_type=\"column\" data-e-type=\"column\">\n\t\t\t<div class=\"elementor-widget-wrap elementor-element-populated\">\n\t\t\t\t\t\t<div class=\"elementor-element elementor-element-f03b22a elementor-widget elementor-widget-heading\" data-id=\"f03b22a\" data-element_type=\"widget\" data-e-type=\"widget\" data-widget_type=\"heading.default\">\n\t\t\t\t<div class=\"elementor-widget-container\">\n\t\t\t\t\t<h1 class=\"elementor-heading-title elementor-size-default\">Presencia en nuestra\nregi\u00f3n estrat\u00e9gica,  entre bosques, aserr\u00edos, plantas y centros de distribuci\u00f3n. <\/h1>\t\t\t\t<\/div>\n\t\t\t\t<\/div>\n\t\t\t\t\t<\/div>\n\t\t<\/div>\n\t\t\t\t\t<\/div>\n\t\t<\/section>\n\t\t\t\t<section class=\"elementor-section elementor-top-section elementor-element elementor-element-5afc3f6 elementor-section-content-middle elementor-section-boxed elementor-section-height-default elementor-section-height-default\" data-id=\"5afc3f6\" data-element_type=\"section\" data-e-type=\"section\">\n\t\t\t\t\t\t<div class=\"elementor-container elementor-column-gap-default\">\n\t\t\t\t\t<div class=\"elementor-column elementor-col-50 elementor-top-column elementor-element elementor-element-9c728b8\" data-id=\"9c728b8\" data-element_type=\"column\" data-e-type=\"column\">\n\t\t\t<div class=\"elementor-widget-wrap elementor-element-populated\">\n\t\t\t\t\t\t<div class=\"elementor-element elementor-element-b86f5b8 elementor-widget__width-initial elementor-widget elementor-widget-text-editor\" data-id=\"b86f5b8\" data-element_type=\"widget\" data-e-type=\"widget\" data-widget_type=\"text-editor.default\">\n\t\t\t\t<div class=\"elementor-widget-container\">\n\t\t\t\t\t\t\t\t\t<p>Contamos con cobertura en toda Colombia para el\u00a0 suministro de estibas, pallets y tarimas de madera. <strong>7 aserrios, oficinas, plantas o centros de distribuci\u00f3n<\/strong>\u00a0ubicados en:<\/p>\t\t\t\t\t\t\t\t<\/div>\n\t\t\t\t<\/div>\n\t\t\t\t<div class=\"elementor-element elementor-element-d72a099 elementor-widget elementor-widget-text-editor\" data-id=\"d72a099\" data-element_type=\"widget\" data-e-type=\"widget\" data-widget_type=\"text-editor.default\">\n\t\t\t\t<div class=\"elementor-widget-container\">\n\t\t\t\t\t\t\t\t\t<ul>\n    <li style=\"list-style-type: none;\">\n        <ul>\n            <li style=\"list-style-type: none;\"><a class=\"btn_menu\"\n                    href=\"https:\/\/www.centraldemaderas.com\/venta-de-estibas-de-madera-nuevas-y-usadas-en-cundinamarca\/\"\n                    target=\"_blank\" rel=\"noopener\">Mosquera, Bogot\u00e1 y Cundinamarca<\/a><\/li>\n        <\/ul>\n    <\/li>\n<\/ul>\n<ul>\n    <li style=\"list-style-type: none;\">\n        <ul>\n            <li style=\"list-style-type: none;\"><a class=\"btn_menu\"\n                    href=\"https:\/\/www.centraldemaderas.com\/venta-de-estibas-de-madera-nuevas-y-usadas-en-cartagena\/\"\n                    target=\"_blank\" rel=\"noopener\">Cartagena<\/a><\/li>\n        <\/ul>\n    <\/li>\n<\/ul>\n<ul style=\"list-style: none;\">\n    <li style=\"list-style-type: none;\">\n        <ul style=\"list-style: none;\">\n            <li><a class=\"btn_menu\"\n                    href=\"https:\/\/www.centraldemaderas.com\/venta-de-estibas-de-madera-nuevas-y-usadas-en-barranquilla\/\"\n                    target=\"_blank\" rel=\"noopener\">Barranquilla<\/a><\/li>\n        <\/ul>\n    <\/li>\n<\/ul>\n<ul style=\"list-style: none;\">\n    <li style=\"list-style-type: none;\">\n        <ul style=\"list-style: none;\">\n            <li><a class=\"btn_menu\"\n                    href=\"https:\/\/www.centraldemaderas.com\/venta-de-estibas-de-madera-nuevas-y-usadas-en-medellin\/\"\n                    target=\"_blank\" rel=\"noopener\">Medell\u00edn<\/a><\/li>\n        <\/ul>\n    <\/li>\n<\/ul>\n<ul style=\"list-style: none;\">\n    <li style=\"list-style-type: none;\">\n        <ul style=\"list-style: none;\">\n            <li><a class=\"btn_menu\"\n                    href=\"https:\/\/www.centraldemaderas.com\/venta-de-estibas-de-madera-nuevas-y-usadas-en-cali\/\"\n                    target=\"_blank\" rel=\"noopener\">Cali<\/a><\/li>\n        <\/ul>\n    <\/li>\n<\/ul>\t\t\t\t\t\t\t\t<\/div>\n\t\t\t\t<\/div>\n\t\t\t\t\t<\/div>\n\t\t<\/div>\n\t\t\t\t<div class=\"elementor-column elementor-col-50 elementor-top-column elementor-element elementor-element-16f4d2f\" data-id=\"16f4d2f\" data-element_type=\"column\" data-e-type=\"column\">\n\t\t\t<div class=\"elementor-widget-wrap elementor-element-populated\">\n\t\t\t\t\t\t<div class=\"elementor-element elementor-element-ef5ad66 elementor-widget elementor-widget-image\" data-id=\"ef5ad66\" data-element_type=\"widget\" data-e-type=\"widget\" data-widget_type=\"image.default\">\n\t\t\t\t<div class=\"elementor-widget-container\">\n\t\t\t\t\t\t\t\t\t\t\t\t\t\t\t<img fetchpriority=\"high\" decoding=\"async\" width=\"326\" height=\"389\" src=\"https:\/\/www.centraldemaderas.com\/wp-content\/uploads\/2024\/08\/mapa.png\" class=\"attachment-large size-large wp-image-5886\" alt=\"\" srcset=\"https:\/\/www.centraldemaderas.com\/wp-content\/uploads\/2024\/08\/mapa.png 326w, https:\/\/www.centraldemaderas.com\/wp-content\/uploads\/2024\/08\/mapa-251x300.png 251w\" sizes=\"(max-width: 326px) 100vw, 326px\" \/>\t\t\t\t\t\t\t\t\t\t\t\t\t\t\t<\/div>\n\t\t\t\t<\/div>\n\t\t\t\t\t<\/div>\n\t\t<\/div>\n\t\t\t\t\t<\/div>\n\t\t<\/section>\n\t\t\t\t<section class=\"elementor-section elementor-top-section elementor-element elementor-element-b080498 elementor-section-boxed elementor-section-height-default elementor-section-height-default\" data-id=\"b080498\" data-element_type=\"section\" data-e-type=\"section\" data-settings=\"{&quot;background_background&quot;:&quot;classic&quot;}\">\n\t\t\t\t\t\t<div class=\"elementor-container elementor-column-gap-default\">\n\t\t\t\t\t<div class=\"elementor-column elementor-col-100 elementor-top-column elementor-element elementor-element-4b02a13\" data-id=\"4b02a13\" data-element_type=\"column\" data-e-type=\"column\">\n\t\t\t<div class=\"elementor-widget-wrap elementor-element-populated\">\n\t\t\t\t\t\t<section class=\"elementor-section elementor-inner-section elementor-element elementor-element-3d7d13a elementor-section-content-middle elementor-section-boxed elementor-section-height-default elementor-section-height-default\" data-id=\"3d7d13a\" data-element_type=\"section\" data-e-type=\"section\">\n\t\t\t\t\t\t<div class=\"elementor-container elementor-column-gap-default\">\n\t\t\t\t\t<div class=\"elementor-column elementor-col-33 elementor-inner-column elementor-element elementor-element-e520793\" data-id=\"e520793\" data-element_type=\"column\" data-e-type=\"column\">\n\t\t\t<div class=\"elementor-widget-wrap\">\n\t\t\t\t\t\t\t<\/div>\n\t\t<\/div>\n\t\t\t\t<div class=\"elementor-column elementor-col-33 elementor-inner-column elementor-element elementor-element-1693cdb\" data-id=\"1693cdb\" data-element_type=\"column\" data-e-type=\"column\">\n\t\t\t<div class=\"elementor-widget-wrap elementor-element-populated\">\n\t\t\t\t\t\t<div class=\"elementor-element elementor-element-0782159 elementor-widget elementor-widget-image\" data-id=\"0782159\" data-element_type=\"widget\" data-e-type=\"widget\" data-widget_type=\"image.default\">\n\t\t\t\t<div class=\"elementor-widget-container\">\n\t\t\t\t\t\t\t\t\t\t\t\t\t\t\t<img decoding=\"async\" width=\"800\" height=\"514\" src=\"https:\/\/www.centraldemaderas.com\/wp-content\/uploads\/2023\/07\/Captura-desde-2023-07-07-13-53-12.png\" class=\"attachment-large size-large wp-image-5791\" alt=\"\" srcset=\"https:\/\/www.centraldemaderas.com\/wp-content\/uploads\/2023\/07\/Captura-desde-2023-07-07-13-53-12.png 983w, https:\/\/www.centraldemaderas.com\/wp-content\/uploads\/2023\/07\/Captura-desde-2023-07-07-13-53-12-600x385.png 600w, https:\/\/www.centraldemaderas.com\/wp-content\/uploads\/2023\/07\/Captura-desde-2023-07-07-13-53-12-300x193.png 300w, https:\/\/www.centraldemaderas.com\/wp-content\/uploads\/2023\/07\/Captura-desde-2023-07-07-13-53-12-768x493.png 768w\" sizes=\"(max-width: 800px) 100vw, 800px\" \/>\t\t\t\t\t\t\t\t\t\t\t\t\t\t\t<\/div>\n\t\t\t\t<\/div>\n\t\t\t\t<div class=\"elementor-element elementor-element-3b5c659 elementor-widget elementor-widget-text-editor\" data-id=\"3b5c659\" data-element_type=\"widget\" data-e-type=\"widget\" data-widget_type=\"text-editor.default\">\n\t\t\t\t<div class=\"elementor-widget-container\">\n\t\t\t\t\t\t\t\t\t<h3>Comun\u00edcate con nosotros:\u00a0<\/h3>\n<p>\u00a0<\/p>\t\t\t\t\t\t\t\t<\/div>\n\t\t\t\t<\/div>\n\t\t\t\t<div class=\"elementor-element elementor-element-d9e0398 elementor-widget elementor-widget-html\" data-id=\"d9e0398\" data-element_type=\"widget\" data-e-type=\"widget\" data-widget_type=\"html.default\">\n\t\t\t\t<div class=\"elementor-widget-container\">\n\t\t\t\t\t<script charset=\"utf-8\" type=\"text\/javascript\" src=\"\/\/js.hsforms.net\/forms\/embed\/v2.js\"><\/script>\n<script>\n  hbspt.forms.create({\n    region: \"na1\",\n    portalId: \"46874506\",\n    formId: \"381da431-e47c-4e76-9962-e5f93b252985\"\n  });\n<\/script>\t\t\t\t<\/div>\n\t\t\t\t<\/div>\n\t\t\t\t\t<\/div>\n\t\t<\/div>\n\t\t\t\t<div class=\"elementor-column elementor-col-33 elementor-inner-column elementor-element elementor-element-5947eaa\" data-id=\"5947eaa\" data-element_type=\"column\" data-e-type=\"column\">\n\t\t\t<div class=\"elementor-widget-wrap\">\n\t\t\t\t\t\t\t<\/div>\n\t\t<\/div>\n\t\t\t\t\t<\/div>\n\t\t<\/section>\n\t\t\t\t\t<\/div>\n\t\t<\/div>\n\t\t\t\t\t<\/div>\n\t\t<\/section>\n\t\t\t\t<\/div>\n\t\t","protected":false},"excerpt":{"rendered":"<p>Presencia en nuestra regi\u00f3n estrat\u00e9gica, entre bosques, aserr\u00edos, plantas y centros de distribuci\u00f3n. Contamos con cobertura en toda Colombia para el\u00a0 suministro de estibas, pallets y tarimas de madera. 7 aserrios, oficinas, plantas o centros de distribuci\u00f3n\u00a0ubicados en: Mosquera, Bogot\u00e1 y Cundinamarca Cartagena Barranquilla Medell\u00edn Cali Comun\u00edcate con nosotros:\u00a0 \u00a0<\/p>\n","protected":false},"author":4,"featured_media":0,"parent":0,"menu_order":300,"comment_status":"closed","ping_status":"closed","template":"elementor_header_footer","meta":{"_joinchat":[],"footnotes":""},"class_list":["post-5885","page","type-page","status-publish","hentry"],"yoast_head":"<!-- This site is optimized with the Yoast SEO plugin v26.8 - https:\/\/yoast.com\/product\/yoast-seo-wordpress\/ -->\n<title>Aserrios, plantas centros de distribuci\u00f3n de estibas de madera -<\/title>\n<meta name=\"description\" content=\"Aserrios, plantas o centros de distribuci\u00f3n de estibas de madera operados por Central de Maderas G&amp;S. Env\u00edos a nivel nacional, cont\u00e1ctanos.\" \/>\n<meta name=\"robots\" content=\"index, follow, max-snippet:-1, max-image-preview:large, max-video-preview:-1\" \/>\n<link rel=\"canonical\" href=\"https:\/\/www.centraldemaderas.com\/mx\/plantas-o-centros-de-distribucion-de-estibas-de-madera\/\" \/>\n<meta property=\"og:locale\" content=\"es_MX\" \/>\n<meta property=\"og:type\" content=\"article\" \/>\n<meta property=\"og:title\" content=\"Aserrios, plantas centros de distribuci\u00f3n de estibas de madera -\" \/>\n<meta property=\"og:description\" content=\"Aserrios, plantas o centros de distribuci\u00f3n de estibas de madera operados por Central de Maderas G&amp;S. Env\u00edos a nivel nacional, cont\u00e1ctanos.\" \/>\n<meta property=\"og:url\" content=\"https:\/\/www.centraldemaderas.com\/mx\/plantas-o-centros-de-distribucion-de-estibas-de-madera\/\" \/>\n<meta property=\"article:publisher\" content=\"https:\/\/www.facebook.com\/centraldemaderasCol\/\" \/>\n<meta property=\"article:modified_time\" content=\"2026-01-27T21:27:19+00:00\" \/>\n<meta property=\"og:image\" content=\"https:\/\/www.centraldemaderas.com\/wp-content\/uploads\/2024\/08\/mapa.png\" \/>\n\t<meta property=\"og:image:width\" content=\"326\" \/>\n\t<meta property=\"og:image:height\" content=\"389\" \/>\n\t<meta property=\"og:image:type\" content=\"image\/png\" \/>\n<meta name=\"twitter:card\" content=\"summary_large_image\" \/>\n<meta name=\"twitter:label1\" content=\"Tiempo de lectura\" \/>\n\t<meta name=\"twitter:data1\" content=\"1 minuto\" \/>\n<script type=\"application\/ld+json\" class=\"yoast-schema-graph\">{\"@context\":\"https:\/\/schema.org\",\"@graph\":[{\"@type\":\"WebPage\",\"@id\":\"https:\/\/www.centraldemaderas.com\/mx\/plantas-o-centros-de-distribucion-de-estibas-de-madera\/\",\"url\":\"https:\/\/www.centraldemaderas.com\/mx\/plantas-o-centros-de-distribucion-de-estibas-de-madera\/\",\"name\":\"Aserrios, plantas centros de distribuci\u00f3n de estibas de madera -\",\"isPartOf\":{\"@id\":\"https:\/\/www.centraldemaderas.com\/mx\/#website\"},\"primaryImageOfPage\":{\"@id\":\"https:\/\/www.centraldemaderas.com\/mx\/plantas-o-centros-de-distribucion-de-estibas-de-madera\/#primaryimage\"},\"image\":{\"@id\":\"https:\/\/www.centraldemaderas.com\/mx\/plantas-o-centros-de-distribucion-de-estibas-de-madera\/#primaryimage\"},\"thumbnailUrl\":\"https:\/\/www.centraldemaderas.com\/wp-content\/uploads\/2024\/08\/mapa.png\",\"datePublished\":\"2024-08-23T17:46:27+00:00\",\"dateModified\":\"2026-01-27T21:27:19+00:00\",\"description\":\"Aserrios, plantas o centros de distribuci\u00f3n de estibas de madera operados por Central de Maderas G&S. Env\u00edos a nivel nacional, cont\u00e1ctanos.\",\"breadcrumb\":{\"@id\":\"https:\/\/www.centraldemaderas.com\/mx\/plantas-o-centros-de-distribucion-de-estibas-de-madera\/#breadcrumb\"},\"inLanguage\":\"es\",\"potentialAction\":[{\"@type\":\"ReadAction\",\"target\":[\"https:\/\/www.centraldemaderas.com\/mx\/plantas-o-centros-de-distribucion-de-estibas-de-madera\/\"]}]},{\"@type\":\"ImageObject\",\"inLanguage\":\"es\",\"@id\":\"https:\/\/www.centraldemaderas.com\/mx\/plantas-o-centros-de-distribucion-de-estibas-de-madera\/#primaryimage\",\"url\":\"https:\/\/www.centraldemaderas.com\/wp-content\/uploads\/2024\/08\/mapa.png\",\"contentUrl\":\"https:\/\/www.centraldemaderas.com\/wp-content\/uploads\/2024\/08\/mapa.png\"},{\"@type\":\"BreadcrumbList\",\"@id\":\"https:\/\/www.centraldemaderas.com\/mx\/plantas-o-centros-de-distribucion-de-estibas-de-madera\/#breadcrumb\",\"itemListElement\":[{\"@type\":\"ListItem\",\"position\":1,\"name\":\"Portada\",\"item\":\"https:\/\/www.centraldemaderas.com\/mx\/\"},{\"@type\":\"ListItem\",\"position\":2,\"name\":\"Aserrios, plantas centros de distribuci\u00f3n de estibas de madera\"}]},{\"@type\":\"WebSite\",\"@id\":\"https:\/\/www.centraldemaderas.com\/mx\/#website\",\"url\":\"https:\/\/www.centraldemaderas.com\/mx\/\",\"name\":\"Central de Maderas - Venta de Estibas\",\"description\":\"Venta de estibas en madera a nivel nacional\",\"publisher\":{\"@id\":\"https:\/\/www.centraldemaderas.com\/mx\/#organization\"},\"alternateName\":\"CM - Estibas\",\"potentialAction\":[{\"@type\":\"SearchAction\",\"target\":{\"@type\":\"EntryPoint\",\"urlTemplate\":\"https:\/\/www.centraldemaderas.com\/mx\/?s={search_term_string}\"},\"query-input\":{\"@type\":\"PropertyValueSpecification\",\"valueRequired\":true,\"valueName\":\"search_term_string\"}}],\"inLanguage\":\"es\"},{\"@type\":\"Organization\",\"@id\":\"https:\/\/www.centraldemaderas.com\/mx\/#organization\",\"name\":\"Central de Maderas\",\"url\":\"https:\/\/www.centraldemaderas.com\/mx\/\",\"logo\":{\"@type\":\"ImageObject\",\"inLanguage\":\"es\",\"@id\":\"https:\/\/www.centraldemaderas.com\/mx\/#\/schema\/logo\/image\/\",\"url\":\"https:\/\/www.centraldemaderas.com\/wp-content\/uploads\/2023\/08\/logopsd2_SAS-_2_.webp\",\"contentUrl\":\"https:\/\/www.centraldemaderas.com\/wp-content\/uploads\/2023\/08\/logopsd2_SAS-_2_.webp\",\"width\":1200,\"height\":1200,\"caption\":\"Central de Maderas\"},\"image\":{\"@id\":\"https:\/\/www.centraldemaderas.com\/mx\/#\/schema\/logo\/image\/\"},\"sameAs\":[\"https:\/\/www.facebook.com\/centraldemaderasCol\/\"]}]}<\/script>\n<!-- \/ Yoast SEO plugin. -->","yoast_head_json":{"title":"Aserrios, plantas centros de distribuci\u00f3n de estibas de madera -","description":"Aserrios, plantas o centros de distribuci\u00f3n de estibas de madera operados por Central de Maderas G&S. Env\u00edos a nivel nacional, cont\u00e1ctanos.","robots":{"index":"index","follow":"follow","max-snippet":"max-snippet:-1","max-image-preview":"max-image-preview:large","max-video-preview":"max-video-preview:-1"},"canonical":"https:\/\/www.centraldemaderas.com\/mx\/plantas-o-centros-de-distribucion-de-estibas-de-madera\/","og_locale":"es_MX","og_type":"article","og_title":"Aserrios, plantas centros de distribuci\u00f3n de estibas de madera -","og_description":"Aserrios, plantas o centros de distribuci\u00f3n de estibas de madera operados por Central de Maderas G&S. Env\u00edos a nivel nacional, cont\u00e1ctanos.","og_url":"https:\/\/www.centraldemaderas.com\/mx\/plantas-o-centros-de-distribucion-de-estibas-de-madera\/","article_publisher":"https:\/\/www.facebook.com\/centraldemaderasCol\/","article_modified_time":"2026-01-27T21:27:19+00:00","og_image":[{"width":326,"height":389,"url":"https:\/\/www.centraldemaderas.com\/wp-content\/uploads\/2024\/08\/mapa.png","type":"image\/png"}],"twitter_card":"summary_large_image","twitter_misc":{"Tiempo de lectura":"1 minuto"},"schema":{"@context":"https:\/\/schema.org","@graph":[{"@type":"WebPage","@id":"https:\/\/www.centraldemaderas.com\/mx\/plantas-o-centros-de-distribucion-de-estibas-de-madera\/","url":"https:\/\/www.centraldemaderas.com\/mx\/plantas-o-centros-de-distribucion-de-estibas-de-madera\/","name":"Aserrios, plantas centros de distribuci\u00f3n de estibas de madera -","isPartOf":{"@id":"https:\/\/www.centraldemaderas.com\/mx\/#website"},"primaryImageOfPage":{"@id":"https:\/\/www.centraldemaderas.com\/mx\/plantas-o-centros-de-distribucion-de-estibas-de-madera\/#primaryimage"},"image":{"@id":"https:\/\/www.centraldemaderas.com\/mx\/plantas-o-centros-de-distribucion-de-estibas-de-madera\/#primaryimage"},"thumbnailUrl":"https:\/\/www.centraldemaderas.com\/wp-content\/uploads\/2024\/08\/mapa.png","datePublished":"2024-08-23T17:46:27+00:00","dateModified":"2026-01-27T21:27:19+00:00","description":"Aserrios, plantas o centros de distribuci\u00f3n de estibas de madera operados por Central de Maderas G&S. Env\u00edos a nivel nacional, cont\u00e1ctanos.","breadcrumb":{"@id":"https:\/\/www.centraldemaderas.com\/mx\/plantas-o-centros-de-distribucion-de-estibas-de-madera\/#breadcrumb"},"inLanguage":"es","potentialAction":[{"@type":"ReadAction","target":["https:\/\/www.centraldemaderas.com\/mx\/plantas-o-centros-de-distribucion-de-estibas-de-madera\/"]}]},{"@type":"ImageObject","inLanguage":"es","@id":"https:\/\/www.centraldemaderas.com\/mx\/plantas-o-centros-de-distribucion-de-estibas-de-madera\/#primaryimage","url":"https:\/\/www.centraldemaderas.com\/wp-content\/uploads\/2024\/08\/mapa.png","contentUrl":"https:\/\/www.centraldemaderas.com\/wp-content\/uploads\/2024\/08\/mapa.png"},{"@type":"BreadcrumbList","@id":"https:\/\/www.centraldemaderas.com\/mx\/plantas-o-centros-de-distribucion-de-estibas-de-madera\/#breadcrumb","itemListElement":[{"@type":"ListItem","position":1,"name":"Portada","item":"https:\/\/www.centraldemaderas.com\/mx\/"},{"@type":"ListItem","position":2,"name":"Aserrios, plantas centros de distribuci\u00f3n de estibas de madera"}]},{"@type":"WebSite","@id":"https:\/\/www.centraldemaderas.com\/mx\/#website","url":"https:\/\/www.centraldemaderas.com\/mx\/","name":"Central de Maderas - Venta de Estibas","description":"Venta de estibas en madera a nivel nacional","publisher":{"@id":"https:\/\/www.centraldemaderas.com\/mx\/#organization"},"alternateName":"CM - Estibas","potentialAction":[{"@type":"SearchAction","target":{"@type":"EntryPoint","urlTemplate":"https:\/\/www.centraldemaderas.com\/mx\/?s={search_term_string}"},"query-input":{"@type":"PropertyValueSpecification","valueRequired":true,"valueName":"search_term_string"}}],"inLanguage":"es"},{"@type":"Organization","@id":"https:\/\/www.centraldemaderas.com\/mx\/#organization","name":"Central de Maderas","url":"https:\/\/www.centraldemaderas.com\/mx\/","logo":{"@type":"ImageObject","inLanguage":"es","@id":"https:\/\/www.centraldemaderas.com\/mx\/#\/schema\/logo\/image\/","url":"https:\/\/www.centraldemaderas.com\/wp-content\/uploads\/2023\/08\/logopsd2_SAS-_2_.webp","contentUrl":"https:\/\/www.centraldemaderas.com\/wp-content\/uploads\/2023\/08\/logopsd2_SAS-_2_.webp","width":1200,"height":1200,"caption":"Central de Maderas"},"image":{"@id":"https:\/\/www.centraldemaderas.com\/mx\/#\/schema\/logo\/image\/"},"sameAs":["https:\/\/www.facebook.com\/centraldemaderasCol\/"]}]}},"_links":{"self":[{"href":"https:\/\/www.centraldemaderas.com\/mx\/wp-json\/wp\/v2\/pages\/5885","targetHints":{"allow":["GET"]}}],"collection":[{"href":"https:\/\/www.centraldemaderas.com\/mx\/wp-json\/wp\/v2\/pages"}],"about":[{"href":"https:\/\/www.centraldemaderas.com\/mx\/wp-json\/wp\/v2\/types\/page"}],"author":[{"embeddable":true,"href":"https:\/\/www.centraldemaderas.com\/mx\/wp-json\/wp\/v2\/users\/4"}],"replies":[{"embeddable":true,"href":"https:\/\/www.centraldemaderas.com\/mx\/wp-json\/wp\/v2\/comments?post=5885"}],"version-history":[{"count":7,"href":"https:\/\/www.centraldemaderas.com\/mx\/wp-json\/wp\/v2\/pages\/5885\/revisions"}],"predecessor-version":[{"id":7977,"href":"https:\/\/www.centraldemaderas.com\/mx\/wp-json\/wp\/v2\/pages\/5885\/revisions\/7977"}],"wp:attachment":[{"href":"https:\/\/www.centraldemaderas.com\/mx\/wp-json\/wp\/v2\/media?parent=5885"}],"curies":[{"name":"wp","href":"https:\/\/api.w.org\/{rel}","templated":true}]}}